{"id":1092,"date":"2014-03-08T16:35:23","date_gmt":"2014-03-08T14:35:23","guid":{"rendered":"http:\/\/riemel-dachfenster.de\/?page_id=1092"},"modified":"2017-09-19T21:04:28","modified_gmt":"2017-09-19T19:04:28","slug":"partner","status":"publish","type":"page","link":"https:\/\/riemel-dachfenster.de\/?page_id=1092","title":{"rendered":"Partner"},"content":{"rendered":"<div class=\"top-30 bottom-30 divider clearfix \"><\/div>\n<div class=\"row\">\n<div class=\"col-lg-6 col-md-6   bottom-30-sm bottom-30-xs\">\n<h4>Unsere Partner<\/h4>\n<p>Wir arbeiten mit <strong>Velux<\/strong> und <strong>Roto<\/strong> Dachfenstern und Material. Unsere Mitarbeiter sind alle fachlich auf dem neuesten Stand und wir sind ein <strong>geschulter Velux Betrieb. <\/strong>So k\u00f6nnen wir Ihnen stets beste Qualit\u00e4t bieten.<\/p>\n<p>&nbsp;<\/p>\n<p><a href=\"http:\/\/riemel-dachfenster.de\/wp-content\/uploads\/2014\/03\/velux-geschulter-betrieb.jpg\"><img loading=\"lazy\" src=\"http:\/\/riemel-dachfenster.de\/wp-content\/uploads\/2014\/03\/velux-geschulter-betrieb.jpg\" alt=\"velux-geschulter-betrieb\" width=\"129\" height=\"180\" \/><\/a><\/p>\n<h4><\/h4>\n<p><a href=\"www.riemel.de\" target=\"_blank\" rel=\"noopener\"><br \/>\n<\/a><a href=\"http:\/\/www.riemel.de\" target=\"_blank\" rel=\"noopener\"><img loading=\"lazy\" class=\"alignnone wp-image-1310\" src=\"http:\/\/riemel-dachfenster.de\/wp-content\/uploads\/2014\/03\/Logo_Riemel_Bedachungen_Claim_rgb2.png\" alt=\"Riemel Bedachungen GmbH\" width=\"244\" height=\"100\" \/><\/a>Das Unternehmen, mit dem alles begann.<br \/>\nDas ist die <a href=\"http:\/\/www.riemel.de\" target=\"_blank\" rel=\"noopener\"><strong>Firma Riemel Bedachungen GmbH.<\/strong><\/a><br \/>\nEin Familienbetrieb mit hoher Kompetenz und fast 50 Jahren Erfahrung.<br \/>\nSeit 1968 in Neuss ein starker Partner auch f\u00fcr Sie.<\/p>\n<p>&nbsp;<\/p>\n<p><a href=\"www.riemel-kranverleih.de\"><img loading=\"lazy\" class=\"alignnone wp-image-1311\" src=\"http:\/\/riemel-dachfenster.de\/wp-content\/uploads\/2014\/03\/logo_rk_rgb.png\" alt=\"Riemel Kranverleih\" width=\"245\" height=\"120\" \/><\/a><\/p>\n<p><a href=\"http:\/\/www.riemel-kranverleih.de\" target=\"_blank\" rel=\"noopener\"><strong>Riemel Kranverleih GmbH<\/strong><\/a>, ein Kranf\u00fchrer Team mit herausragender Kompetenz.<br \/>\nBis zu 3 Tonnen Traglast und 36 Meter H\u00f6he k\u00f6nnen bew\u00e4ltigt werden. Sprechen Sie uns gerne f\u00fcr Ihre privaten und gesch\u00e4ftlichen Projekte an.<\/p>\n<\/div>\n<div class=\"col-lg-6 col-md-6   \">\n<h4><\/h4>\n<p>&nbsp;<\/p>\n<p><a href=\"http:\/\/riemel-dachfenster.de\/wp-content\/uploads\/2014\/03\/velux-logo.jpg\"><img loading=\"lazy\" class=\"alignnone size-full wp-image-1091\" src=\"http:\/\/riemel-dachfenster.de\/wp-content\/uploads\/2014\/03\/velux-logo.jpg\" alt=\"velux-logo\" width=\"265\" height=\"45\" \/><\/a><\/p>\n<\/div>\n<\/div>\n","protected":false},"excerpt":{"rendered":"<p>Unsere Partner Wir arbeiten mit Velux und Roto Dachfenstern und Material. Unsere Mitarbeiter sind alle fachlich auf dem neuesten Stand und wir sind ein geschulter Velux Betrieb. So k\u00f6nnen wir&#8230;<\/p>\n","protected":false},"author":32584,"featured_media":0,"parent":0,"menu_order":0,"comment_status":"closed","ping_status":"closed","template":"","meta":[],"_links":{"self":[{"href":"https:\/\/riemel-dachfenster.de\/index.php?rest_route=\/wp\/v2\/pages\/1092"}],"collection":[{"href":"https:\/\/riemel-dachfenster.de\/index.php?rest_route=\/wp\/v2\/pages"}],"about":[{"href":"https:\/\/riemel-dachfenster.de\/index.php?rest_route=\/wp\/v2\/types\/page"}],"author":[{"embeddable":true,"href":"https:\/\/riemel-dachfenster.de\/index.php?rest_route=\/wp\/v2\/users\/32584"}],"replies":[{"embeddable":true,"href":"https:\/\/riemel-dachfenster.de\/index.php?rest_route=%2Fwp%2Fv2%2Fcomments&post=1092"}],"version-history":[{"count":21,"href":"https:\/\/riemel-dachfenster.de\/index.php?rest_route=\/wp\/v2\/pages\/1092\/revisions"}],"predecessor-version":[{"id":1312,"href":"https:\/\/riemel-dachfenster.de\/index.php?rest_route=\/wp\/v2\/pages\/1092\/revisions\/1312"}],"wp:attachment":[{"href":"https:\/\/riemel-dachfenster.de\/index.php?rest_route=%2Fwp%2Fv2%2Fmedia&parent=1092"}],"curies":[{"name":"wp","href":"https:\/\/api.w.org\/{rel}","templated":true}]}}